{"id":1832,"date":"2022-08-08T09:32:09","date_gmt":"2022-08-08T09:32:09","guid":{"rendered":"https:\/\/www.oncolifestyle.com\/brain-health\/"},"modified":"2024-12-18T12:16:01","modified_gmt":"2024-12-18T12:16:01","slug":"saude-mental","status":"publish","type":"page","link":"https:\/\/www.oncolifestyle.com\/pt-pt\/cancro-da-prostata\/saude-mental\/","title":{"rendered":"Sa\u00fade mental"},"content":{"rendered":"<div class=\"wpb-content-wrapper\"><p>[vc_row full_width=&#8221;stretch_row&#8221; css=&#8221;.vc_custom_1660926214848{background-image: url(https:\/\/www.oncolifestyle.com\/wp-content\/uploads\/2022\/08\/banner-brain-health.jpg?id=90) !important;background-position: center !important;background-repeat: no-repeat !important;background-size: cover !important;}&#8221;][vc_column width=&#8221;1\/12&#8243;][\/vc_column][vc_column width=&#8221;10\/12&#8243;][vc_empty_space height=&#8221;22vw&#8221;][vc_custom_heading source=&#8221;post_title&#8221; font_container=&#8221;tag:h1|text_align:left|color:%23ffffff&#8221; use_theme_fonts=&#8221;yes&#8221; css=&#8221;.vc_custom_1713873017736{margin-top: 0px !important;margin-bottom: 100px !important;}&#8221; el_class=&#8221;page-title&#8221;][\/vc_column][vc_column width=&#8221;1\/12&#8243;][\/vc_column][\/vc_row][vc_row][vc_column width=&#8221;1\/12&#8243;][\/vc_column][vc_column width=&#8221;1\/2&#8243;][vc_column_text el_class=&#8221;breadcrumbs&#8221;]<!-- Breadcrumb NavXT 7.3.1 -->\n<span property=\"itemListElement\" typeof=\"ListItem\"><a property=\"item\" typeof=\"WebPage\" title=\"Go to Oncolifestyle.\" href=\"https:\/\/www.oncolifestyle.com\/pt-pt\/\" class=\"home\" aria-current=\"page\"><span property=\"name\">Oncolifestyle<\/span><\/a><meta property=\"position\" content=\"1\"><\/span>[\/vc_column_text][vc_column_text]<\/p>\n<h6 class=\"green-pill\">ESCOLHAS SAUD\u00c1VEIS<\/h6>\n<h2>Como \u00e9 que o cancro da pr\u00f3stata e o tratamento podem afetar o seu c\u00e9rebro?<\/h2>\n<p><strong class=\"text-red\">Sa\u00fade Cognitiva<\/strong><\/p>\n<p><strong>A sua sa\u00fade cognitiva \u00e9 a sua capacidade de pensar com clareza e sentido cr\u00edtico, realizar tarefas complexas, aprender e recordar.<\/strong><\/p>\n<p>Quem nunca teve uma sensa\u00e7\u00e3o de \u201cn\u00e9voa mental\u201d, de estar \u201cem branco\u201d, de se sentir confuso? Algumas pessoas que se submetem \u00e0 <a href=\"https:\/\/www.oncolifestyle.com\/about-prostate-cancer\/\">terapia de priva\u00e7\u00e3o androg\u00e9nica (TPA)<\/a> podem ter estes sintomas cognitivos de forma mais regular.<sup>1<\/sup> A TPA tamb\u00e9m tem sido associada a um aumento (pouco significativo, isso sim) do risco de dem\u00eancia, nomeadamente a senil de tipo Alzheimer <sup>2<\/sup> \u2013 embora se considere que os benef\u00edcios a longo prazo s\u00e3o geralmente maiores do que o risco que apresentam. Al\u00e9m disso, em algumas pessoas os efeitos secund\u00e1rios cognitivos da TPA s\u00e3o s\u00f3 aparentes. A maioria n\u00e3o sente qualquer altera\u00e7\u00e3o.<\/p>\n<p><strong class=\"text-red\">Sa\u00fade Emocional<\/strong><\/p>\n<p><strong>A sa\u00fade emocional, um aspeto extremamente importante da sua sa\u00fade mental, est\u00e1 associada \u00e0quilo em que pensa, ao seu sentido de humor e capacidade de lidar com a situa\u00e7\u00e3o.<\/strong><\/p>\n<p>Descobrir que tem cancro da pr\u00f3stata e viver de forma positiva com a realidade desse diagn\u00f3stico pode ser dif\u00edcil. Poder\u00e1 ter sentimentos muito d\u00edspares: perplexidade, incerteza, ansiedade, apatia e raiva. Todos estes sentimentos s\u00e3o naturais, mas com o tempo, se se mantiverem, podem ter um impacto negativo na sua sa\u00fade mental e no seu bem-estar. \u00c9 verdade que as probabilidades de uma pessoa estar deprimida s\u00e3o maiores se tiver de lidar com um cancro da pr\u00f3stata<sup>3<\/sup> \u2013 sobretudo se estiver a ser submetido \u00e0 TPA.<sup>4<\/sup> \u00c9 por isso que a sa\u00fade mental \u00e9 t\u00e3o importante como o bem-estar f\u00edsico.[\/vc_column_text][\/vc_column][vc_column width=&#8221;5\/12&#8243;][vc_single_image image=&#8221;2969&#8243; img_size=&#8221;large&#8221; alignment=&#8221;center&#8221; el_class=&#8221;page-circle-image&#8221;][\/vc_column][\/vc_row][vc_row][vc_column width=&#8221;1\/12&#8243;][\/vc_column][vc_column width=&#8221;10\/12&#8243;][vc_custom_heading text=&#8221;Sabia que?&#8221; font_container=&#8221;tag:h2|text_align:center&#8221; use_theme_fonts=&#8221;yes&#8221; el_class=&#8221;accent-line center size-sm&#8221; css=&#8221;.vc_custom_1713869232731{margin-top: 100px !important;margin-bottom: 50px !important;}&#8221;][vc_column_text]O que \u00e9 bom para o seu cora\u00e7\u00e3o \u00e9 bom para a sua mente. A sa\u00fade cardiovascular est\u00e1 intimamente ligada \u00e0 sa\u00fade cognitiva<sup>5-7<\/sup>, pelo que as atividades ben\u00e9ficas para o cora\u00e7\u00e3o (como a atividade f\u00edsica e uma boa alimenta\u00e7\u00e3o) s\u00e3o vantajosas para ambos.[\/vc_column_text][\/vc_column][vc_column width=&#8221;1\/12&#8243;][\/vc_column][\/vc_row][vc_row content_placement=&#8221;middle&#8221; el_class=&#8221;health-tab health-tab-cognitive reverse-xs&#8221;][vc_column width=&#8221;6\/12&#8243; el_class=&#8221;overlap&#8221;][vc_column_text el_class=&#8221;box-shadow&#8221; css=&#8221;.vc_custom_1734524149457{margin-bottom: 0px !important;padding-top: 50px !important;padding-right: 50px !important;padding-bottom: 50px !important;padding-left: 50px !important;}&#8221;]<\/p>\n<h6>TOME A INICIATIVA<\/h6>\n<p><strong class=\"text-red\">Exercite a sua mente<\/strong><\/p>\n<p>A melhor forma de proteger a sua sa\u00fade cognitiva e emocional \u00e9 manter a sua mente ativa. Qualquer atividade intelectual pode ajudar a prevenir o decl\u00ednio cognitivo durante a TPA. Para manter a sua mente em forma, pode experimentar:<\/p>\n<ul class=\"bh-offset-list\">\n<li>Encontrar-se com amigos ou frequentar um grupo social \u2013 a atividade social \u00e9 uma excelente forma de estimula\u00e7\u00e3o mental<sup>8<\/sup><\/li>\n<li>Realizar atividades tais como a leitura, trabalhos manuais, puzzles, jogos de mesa ou outros, que s\u00e3o excelentes formas de exercitar a sua mente <sup>1<\/sup><\/li>\n<li>Melhorar a sa\u00fade cardiovascular e a sa\u00fade da sua mente, incorporando a <a href=\"https:\/\/www.oncolifestyle.com\/prostate-cancer\/physical-activity\/\">atividade f\u00edsica<\/a> na sua rotina di\u00e1ria<sup>9-11<\/sup> e alimentando-se de acordo com uma <a href=\"https:\/\/www.oncolifestyle.com\/prostate-cancer\/nutrition\/\">dieta equilibrada<\/a><sup>12,13<\/sup><\/li>\n<\/ul>\n<p>[\/vc_column_text][vc_single_image image=&#8221;316&#8243; img_size=&#8221;full&#8221; alignment=&#8221;right&#8221; el_id=&#8221;floating-image&#8221;][\/vc_column][vc_column width=&#8221;5\/12&#8243;][vc_single_image image=&#8221;495&#8243; img_size=&#8221;full&#8221;][\/vc_column][vc_column width=&#8221;1\/12&#8243;][\/vc_column][\/vc_row][vc_row][vc_column][vc_btn title=&#8221;Saiba mais sobre sa\u00fade mental e cancro&#8221; style=&#8221;classic&#8221; shape=&#8221;round&#8221; color=&#8221;success&#8221; align=&#8221;center&#8221; el_class=&#8221;view-more-articles&#8221; link=&#8221;url:https%3A%2F%2Fwww.oncolifestyle.com%2Fpt-pt%2Fsaude-mental%2F&#8221;][\/vc_column][\/vc_row][vc_row][vc_column][\/vc_column][\/vc_row][vc_row][vc_column width=&#8221;1\/12&#8243;][\/vc_column][vc_column width=&#8221;10\/12&#8243;][vc_custom_heading text=&#8221;Informa\u00e7\u00e3o de confian\u00e7a&#8221; font_container=&#8221;tag:h2|text_align:center&#8221; use_theme_fonts=&#8221;yes&#8221; el_class=&#8221;accent-line center size-sm&#8221;][vc_column_text]<\/p>\n<p style=\"text-align: center;\">Uma pessoa ouve tantos conselhos e opini\u00f5es que fica sem saber quais deve seguir. Na Oncolifestyle, fazemos o poss\u00edvel para informar com base em estudos fi\u00e1veis que foram realizados a pensar na sua sa\u00fade.<\/p>\n<p>[\/vc_column_text][\/vc_column][vc_column width=&#8221;1\/12&#8243;][\/vc_column][\/vc_row][vc_row css=&#8221;.vc_custom_1660737759822{margin-top: 50px !important;margin-bottom: 50px !important;}&#8221;][vc_column][vc_column_text]<\/p>\n<h6 style=\"text-align: center;\">AS NOSSAS FONTES<\/h6>\n<p style=\"text-align: center;\"><span class=\"sources-btn show-source\">Onde foi obtida esta informa\u00e7\u00e3o?<\/span><\/p>\n<p>[\/vc_column_text][\/vc_column][\/vc_row][vc_row full_width=&#8221;stretch_row&#8221; el_class=&#8221;source&#8221;][vc_column][vc_raw_html]JTNDZGl2JTIwY2xhc3MlM0QlMjJzdmdfX3dyYXBwZXIlMjBjbG9zZS1zb3VyY2UlMjIlM0UlMEElM0NzdmclMjBjbGFzcyUzRCUyMmljb24lMjBpY29uLS1jbG9zZSUyMiUyMGFyaWEtaGlkZGVuJTNEJTIydHJ1ZSUyMiUyMHJvbGUlM0QlMjJpbWclMjIlM0UlM0N1c2UlMjB4bGluayUzQWhyZWYlM0QlMjIlMjNpY29uLWNsb3NlJTIyJTNFJTNDJTJGdXNlJTNFJTNDJTJGc3ZnJTNFJTBBJTNDJTJGZGl2JTNFJTBB[\/vc_raw_html][vc_column_text]<\/p>\n<h6>AS NOSSAS FONTES<\/h6>\n<h4><strong>Onde foi obtida esta informa\u00e7\u00e3o?<\/strong><\/h4>\n<ol>\n<li>Cherrier, M. M. &amp; Higano, C. S. Impact of androgen deprivation therapy on mood, cognition, and risk for AD. Urol. Oncol. Semin. Orig. Investig. 38, 53\u201361 (2020).<\/li>\n<li>Jayadevappa, R. et al. Association Between Androgen Deprivation Therapy Use and Diagnosis of Dementia in Men With Prostate Cancer. JAMA Netw. Open 2, e196562 (2019).<\/li>\n<li>Fervaha, G. et al. Psychological morbidity associated with prostate cancer: Rates and predictors of depression in the RADICAL PC study. Can. Urol. Assoc. J. 15, (2020).<\/li>\n<li>Dinh, K. T. et al. Association of Androgen Deprivation Therapy With Depression in Localized Prostate Cancer. J. Clin. Oncol. 34, 1905\u20131912 (2016).<\/li>\n<li>Chang, Y. K., Labban, J. D., Gapin, J. I. &amp; Etnier, J. L. The effects of acute exercise on cognitive performance: A meta-analysis. Brain Res. 1453, 87\u2013101 (2012).<\/li>\n<li>Northey, J. M., Cherbuin, N., Pumpa, K. L., Smee, D. J. &amp; Rattray, B. Exercise interventions for cognitive function in adults older than 50: a systematic review with meta-analysis. Br. J. Sports Med. 52, 154\u2013160 (2018).<\/li>\n<li>Fondell, E. et al. Physical activity across adulthood and subjective cognitive function in older men. Eur. J. Epidemiol. 33, 79\u201387 (2018).<\/li>\n<li>Elwood, P. et al. Healthy Lifestyles Reduce the Incidence of Chronic Diseases and Dementia: Evidence from the Caerphilly Cohort Study. PLoS ONE 8, e81877 (2013).<\/li>\n<li>Chang, Y. K., Labban, J. D., Gapin, J. I. &amp; Etnier, J. L. The effects of acute exercise on cognitive performance: A meta-analysis. Brain Res. 1453, 87\u2013101 (2012).<\/li>\n<li>Northey, J. M., Cherbuin, N., Pumpa, K. L., Smee, D. J. &amp; Rattray, B. Exercise interventions for cognitive function in adults older than 50: a systematic review with meta-analysis. Br. J. Sports Med. 52, 154\u2013160 (2018).<\/li>\n<li>Fondell, E. et al. Physical activity across adulthood and subjective cognitive function in older men. Eur. J. Epidemiol. 33, 79\u201387 (2018).<\/li>\n<li>Kl\u00edmov\u00e1, B. &amp; Vali\u0161, M. Nutritional Interventions as Beneficial Strategies to Delay Cognitive Decline in Healthy Older Individuals. Nutrients 10, 905 (2018).<\/li>\n<li>Anastasiou, C. et al. Mediterranean Lifestyle in Relation to Cognitive Health: Results from the HELIAD Study. Nutrients 10, 1557 (2018).<\/li>\n<\/ol>\n<p>[\/vc_column_text][\/vc_column][\/vc_row]<\/p>\n<\/div>","protected":false},"excerpt":{"rendered":"<p>[vc_row full_width=&#8221;stretch_row&#8221; css=&#8221;.vc_custom_1660926214848{background-image: url(https:\/\/www.oncolifestyle.com\/wp-content\/uploads\/2022\/08\/banner-brain-health.jpg?id=90) !important;background-position: center !important;background-repeat: no-repeat !important;background-size: cover !important;}&#8221;][vc_column width=&#8221;1\/12&#8243;][\/vc_column][vc_column width=&#8221;10\/12&#8243;][vc_empty_space height=&#8221;22vw&#8221;][vc_custom_heading source=&#8221;post_title&#8221; font_container=&#8221;tag:h1|text_align:left|color:%23ffffff&#8221; use_theme_fonts=&#8221;yes&#8221; css=&#8221;.vc_custom_1713873017736{margin-top: 0px !important;margin-bottom: [&hellip;]<\/p>\n","protected":false},"author":1,"featured_media":0,"parent":1835,"menu_order":0,"comment_status":"closed","ping_status":"closed","template":"template-fullwidth.php","meta":{"_acf_changed":false,"inline_featured_image":false,"footnotes":""},"class_list":["post-1832","page","type-page","status-publish","hentry"],"acf":[],"yoast_head":"<!-- This site is optimized with the Yoast SEO plugin v23.8 - https:\/\/yoast.com\/wordpress\/plugins\/seo\/ -->\n<title>Sa\u00fade mental ap\u00f3s cancro da pr\u00f3stata: apoio emocional | Oncolifestyle<\/title>\n<meta name=\"description\" content=\"Compreenda o impacto do cancro da pr\u00f3stata na sua sa\u00fade emocional e cognitiva e o que pode fazer para viver de forma positiva.\" \/>\n<meta name=\"robots\" content=\"index, follow, max-snippet:-1, max-image-preview:large, max-video-preview:-1\" \/>\n<link rel=\"canonical\" href=\"https:\/\/www.oncolifestyle.com\/pt-pt\/cancro-da-prostata\/saude-mental\/\" \/>\n<meta property=\"og:locale\" content=\"pt_PT\" \/>\n<meta property=\"og:type\" content=\"article\" \/>\n<meta property=\"og:title\" content=\"Sa\u00fade mental ap\u00f3s cancro da pr\u00f3stata: apoio emocional | Oncolifestyle\" \/>\n<meta property=\"og:description\" content=\"Compreenda o impacto do cancro da pr\u00f3stata na sua sa\u00fade emocional e cognitiva e o que pode fazer para viver de forma positiva.\" \/>\n<meta property=\"og:url\" content=\"https:\/\/www.oncolifestyle.com\/pt-pt\/cancro-da-prostata\/saude-mental\/\" \/>\n<meta property=\"og:site_name\" content=\"Oncolifestyle\" \/>\n<meta property=\"article:modified_time\" content=\"2024-12-18T12:16:01+00:00\" \/>\n<meta name=\"twitter:card\" content=\"summary_large_image\" \/>\n<meta name=\"twitter:label1\" content=\"Tempo estimado de leitura\" \/>\n\t<meta name=\"twitter:data1\" content=\"5 minutos\" \/>\n<script type=\"application\/ld+json\" class=\"yoast-schema-graph\">{\"@context\":\"https:\/\/schema.org\",\"@graph\":[{\"@type\":\"WebPage\",\"@id\":\"https:\/\/www.oncolifestyle.com\/pt-pt\/cancro-da-prostata\/saude-mental\/\",\"url\":\"https:\/\/www.oncolifestyle.com\/pt-pt\/cancro-da-prostata\/saude-mental\/\",\"name\":\"Sa\u00fade mental ap\u00f3s cancro da pr\u00f3stata: apoio emocional | Oncolifestyle\",\"isPartOf\":{\"@id\":\"https:\/\/www.oncolifestyle.com\/pt-pt\/#website\"},\"datePublished\":\"2022-08-08T09:32:09+00:00\",\"dateModified\":\"2024-12-18T12:16:01+00:00\",\"description\":\"Compreenda o impacto do cancro da pr\u00f3stata na sua sa\u00fade emocional e cognitiva e o que pode fazer para viver de forma positiva.\",\"breadcrumb\":{\"@id\":\"https:\/\/www.oncolifestyle.com\/pt-pt\/cancro-da-prostata\/saude-mental\/#breadcrumb\"},\"inLanguage\":\"pt-PT\",\"potentialAction\":[{\"@type\":\"ReadAction\",\"target\":[\"https:\/\/www.oncolifestyle.com\/pt-pt\/cancro-da-prostata\/saude-mental\/\"]}]},{\"@type\":\"BreadcrumbList\",\"@id\":\"https:\/\/www.oncolifestyle.com\/pt-pt\/cancro-da-prostata\/saude-mental\/#breadcrumb\",\"itemListElement\":[{\"@type\":\"ListItem\",\"position\":1,\"name\":\"Home\",\"item\":\"https:\/\/www.oncolifestyle.com\/pt-pt\/\"},{\"@type\":\"ListItem\",\"position\":2,\"name\":\"Cancro da Pr\u00f3stata\",\"item\":\"https:\/\/www.oncolifestyle.com\/pt-pt\/cancro-da-prostata\/\"},{\"@type\":\"ListItem\",\"position\":3,\"name\":\"Sa\u00fade mental\"}]},{\"@type\":\"WebSite\",\"@id\":\"https:\/\/www.oncolifestyle.com\/pt-pt\/#website\",\"url\":\"https:\/\/www.oncolifestyle.com\/pt-pt\/\",\"name\":\"Oncolifestyle\",\"description\":\"Helping people with cancer live well\",\"publisher\":{\"@id\":\"https:\/\/www.oncolifestyle.com\/pt-pt\/#organization\"},\"potentialAction\":[{\"@type\":\"SearchAction\",\"target\":{\"@type\":\"EntryPoint\",\"urlTemplate\":\"https:\/\/www.oncolifestyle.com\/pt-pt\/?s={search_term_string}\"},\"query-input\":{\"@type\":\"PropertyValueSpecification\",\"valueRequired\":true,\"valueName\":\"search_term_string\"}}],\"inLanguage\":\"pt-PT\"},{\"@type\":\"Organization\",\"@id\":\"https:\/\/www.oncolifestyle.com\/pt-pt\/#organization\",\"name\":\"Oncolifestyle\",\"url\":\"https:\/\/www.oncolifestyle.com\/pt-pt\/\",\"logo\":{\"@type\":\"ImageObject\",\"inLanguage\":\"pt-PT\",\"@id\":\"https:\/\/www.oncolifestyle.com\/pt-pt\/#\/schema\/logo\/image\/\",\"url\":\"https:\/\/www.oncolifestyle.com\/wp-content\/uploads\/2022\/08\/ONCO_LOGO_RGB_horizontal.png\",\"contentUrl\":\"https:\/\/www.oncolifestyle.com\/wp-content\/uploads\/2022\/08\/ONCO_LOGO_RGB_horizontal.png\",\"width\":2062,\"height\":434,\"caption\":\"Oncolifestyle\"},\"image\":{\"@id\":\"https:\/\/www.oncolifestyle.com\/pt-pt\/#\/schema\/logo\/image\/\"}}]}<\/script>\n<!-- \/ Yoast SEO plugin. -->","yoast_head_json":{"title":"Sa\u00fade mental ap\u00f3s cancro da pr\u00f3stata: apoio emocional | Oncolifestyle","description":"Compreenda o impacto do cancro da pr\u00f3stata na sua sa\u00fade emocional e cognitiva e o que pode fazer para viver de forma positiva.","robots":{"index":"index","follow":"follow","max-snippet":"max-snippet:-1","max-image-preview":"max-image-preview:large","max-video-preview":"max-video-preview:-1"},"canonical":"https:\/\/www.oncolifestyle.com\/pt-pt\/cancro-da-prostata\/saude-mental\/","og_locale":"pt_PT","og_type":"article","og_title":"Sa\u00fade mental ap\u00f3s cancro da pr\u00f3stata: apoio emocional | Oncolifestyle","og_description":"Compreenda o impacto do cancro da pr\u00f3stata na sua sa\u00fade emocional e cognitiva e o que pode fazer para viver de forma positiva.","og_url":"https:\/\/www.oncolifestyle.com\/pt-pt\/cancro-da-prostata\/saude-mental\/","og_site_name":"Oncolifestyle","article_modified_time":"2024-12-18T12:16:01+00:00","twitter_card":"summary_large_image","twitter_misc":{"Tempo estimado de leitura":"5 minutos"},"schema":{"@context":"https:\/\/schema.org","@graph":[{"@type":"WebPage","@id":"https:\/\/www.oncolifestyle.com\/pt-pt\/cancro-da-prostata\/saude-mental\/","url":"https:\/\/www.oncolifestyle.com\/pt-pt\/cancro-da-prostata\/saude-mental\/","name":"Sa\u00fade mental ap\u00f3s cancro da pr\u00f3stata: apoio emocional | Oncolifestyle","isPartOf":{"@id":"https:\/\/www.oncolifestyle.com\/pt-pt\/#website"},"datePublished":"2022-08-08T09:32:09+00:00","dateModified":"2024-12-18T12:16:01+00:00","description":"Compreenda o impacto do cancro da pr\u00f3stata na sua sa\u00fade emocional e cognitiva e o que pode fazer para viver de forma positiva.","breadcrumb":{"@id":"https:\/\/www.oncolifestyle.com\/pt-pt\/cancro-da-prostata\/saude-mental\/#breadcrumb"},"inLanguage":"pt-PT","potentialAction":[{"@type":"ReadAction","target":["https:\/\/www.oncolifestyle.com\/pt-pt\/cancro-da-prostata\/saude-mental\/"]}]},{"@type":"BreadcrumbList","@id":"https:\/\/www.oncolifestyle.com\/pt-pt\/cancro-da-prostata\/saude-mental\/#breadcrumb","itemListElement":[{"@type":"ListItem","position":1,"name":"Home","item":"https:\/\/www.oncolifestyle.com\/pt-pt\/"},{"@type":"ListItem","position":2,"name":"Cancro da Pr\u00f3stata","item":"https:\/\/www.oncolifestyle.com\/pt-pt\/cancro-da-prostata\/"},{"@type":"ListItem","position":3,"name":"Sa\u00fade mental"}]},{"@type":"WebSite","@id":"https:\/\/www.oncolifestyle.com\/pt-pt\/#website","url":"https:\/\/www.oncolifestyle.com\/pt-pt\/","name":"Oncolifestyle","description":"Helping people with cancer live well","publisher":{"@id":"https:\/\/www.oncolifestyle.com\/pt-pt\/#organization"},"potentialAction":[{"@type":"SearchAction","target":{"@type":"EntryPoint","urlTemplate":"https:\/\/www.oncolifestyle.com\/pt-pt\/?s={search_term_string}"},"query-input":{"@type":"PropertyValueSpecification","valueRequired":true,"valueName":"search_term_string"}}],"inLanguage":"pt-PT"},{"@type":"Organization","@id":"https:\/\/www.oncolifestyle.com\/pt-pt\/#organization","name":"Oncolifestyle","url":"https:\/\/www.oncolifestyle.com\/pt-pt\/","logo":{"@type":"ImageObject","inLanguage":"pt-PT","@id":"https:\/\/www.oncolifestyle.com\/pt-pt\/#\/schema\/logo\/image\/","url":"https:\/\/www.oncolifestyle.com\/wp-content\/uploads\/2022\/08\/ONCO_LOGO_RGB_horizontal.png","contentUrl":"https:\/\/www.oncolifestyle.com\/wp-content\/uploads\/2022\/08\/ONCO_LOGO_RGB_horizontal.png","width":2062,"height":434,"caption":"Oncolifestyle"},"image":{"@id":"https:\/\/www.oncolifestyle.com\/pt-pt\/#\/schema\/logo\/image\/"}}]}},"_links":{"self":[{"href":"https:\/\/www.oncolifestyle.com\/pt-pt\/wp-json\/wp\/v2\/pages\/1832","targetHints":{"allow":["GET"]}}],"collection":[{"href":"https:\/\/www.oncolifestyle.com\/pt-pt\/wp-json\/wp\/v2\/pages"}],"about":[{"href":"https:\/\/www.oncolifestyle.com\/pt-pt\/wp-json\/wp\/v2\/types\/page"}],"author":[{"embeddable":true,"href":"https:\/\/www.oncolifestyle.com\/pt-pt\/wp-json\/wp\/v2\/users\/1"}],"replies":[{"embeddable":true,"href":"https:\/\/www.oncolifestyle.com\/pt-pt\/wp-json\/wp\/v2\/comments?post=1832"}],"version-history":[{"count":9,"href":"https:\/\/www.oncolifestyle.com\/pt-pt\/wp-json\/wp\/v2\/pages\/1832\/revisions"}],"predecessor-version":[{"id":3946,"href":"https:\/\/www.oncolifestyle.com\/pt-pt\/wp-json\/wp\/v2\/pages\/1832\/revisions\/3946"}],"up":[{"embeddable":true,"href":"https:\/\/www.oncolifestyle.com\/pt-pt\/wp-json\/wp\/v2\/pages\/1835"}],"wp:attachment":[{"href":"https:\/\/www.oncolifestyle.com\/pt-pt\/wp-json\/wp\/v2\/media?parent=1832"}],"curies":[{"name":"wp","href":"https:\/\/api.w.org\/{rel}","templated":true}]}}